{"id":2564,"date":"2020-04-01T07:24:25","date_gmt":"2020-04-01T07:24:25","guid":{"rendered":"https:\/\/www.signium.com\/?page_id=2564"},"modified":"2020-06-08T09:51:34","modified_gmt":"2020-06-08T09:51:34","slug":"datenschutzerklaerung-aw","status":"publish","type":"page","link":"https:\/\/www.signium.com\/de\/datenschutzerklaerung-aw\/","title":{"rendered":"Datenschutzerkl\u00e4rung AW"},"content":{"rendered":"\n<h2 class=\"wp-block-heading\" data-aos=\"fade-up\">Hinweise zum Datenschutz (Kandidaten)<\/h2>\n\n\n\n<p data-aos=\"fade-up\">Wir sch\u00fctzen Ihre Privatsph\u00e4re und Ihre privaten Daten. Wir erheben, verarbeiten und nutzen Ihre personenbezogenen Daten in \u00dcbereinstimmung mit dem Inhalt dieser Datenschutzhinweise sowie den anwendbaren europ\u00e4ischen und deutschen Datenschutzbestimmungen.<\/p>\n\n\n\n<p data-aos=\"fade-up\">Durch \u00dcbermittlung Ihrer Kandidaten-Informationen per E-Mail stimmen Sie der zeitlich unbeschr\u00e4nkten Verarbeitung der entsprechenden Informationen ausdr\u00fccklich zu. Dies beinhaltet insbesondere die \u00dcbermittlung der Kandidaten-Informationen an Klienten (potenzielle Arbeitgeber), soweit erforderlich auch in Drittstaaten, die nicht \u00fcber ein angemessenes Schutzniveau f\u00fcr personenbezogene Daten verf\u00fcgen. Sie werden darauf hingewiesen, dass Sie nicht verpflichtet sind, der Verarbeitung der Daten zuzustimmen und bei einer Zustimmung jederzeit die M\u00f6glichkeit des Widerrufs an die angegebenen Kontaktdaten besteht.<\/p>\n\n\n\n<p data-aos=\"fade-up\">In diesen Datenschutzhinweisen wird ausgef\u00fchrt, in welchem Umfang wir personenbezogene Daten \u00fcber Sie erheben, verarbeiten und nutzen. Wir bitten Sie daher, die nachfolgenden Ausf\u00fchrungen sorgf\u00e4ltig durchzulesen.<\/p>\n\n\n\n<h2 class=\"wp-block-heading\" data-aos=\"fade-up\">1. Name und Kontaktdaten des f\u00fcr die Verarbeitung Verantwortlichen<\/h2>\n\n\n\n<p data-aos=\"fade-up\">Verantwortlicher gem. Art. 4 Abs. 7 Datenschutz-Grundverordnung (DS-GVO):<\/p>\n\n\n\n<p>Signium International GmbH Angela Westdorf (im Folgenden: Signium)<br>Spichernstra\u00dfe 75<br>50672 K\u00f6ln<br>Telefon:&nbsp;<a href=\"tel:+4922178953331\">+49 221 78953331<\/a><br>E-Mail:&nbsp;<a href=\"mailto:angela.westdorf@signium.de\">angela.westdorf@signium.de<\/a data-aos=\"fade-up\"><\/p>\n\n\n\n<h2 class=\"wp-block-heading\" data-aos=\"fade-up\">2. Erhebung und Speicherung personenbezogener Daten sowie Art und Zweck ihrer Verwendung<\/h2>\n\n\n\n<p data-aos=\"fade-up\">Zum Zwecke unserer Beratungsleistung werden personenbezogene Daten von Ihnen zur Verf\u00fcgung gestellt, fallen w\u00e4hrend der Durchf\u00fchrung an bzw. werden von uns erhoben und verarbeitet.<\/p>\n\n\n\n<p data-aos=\"fade-up\">Dabei handelt es sich insbesondere um folgende Daten:<\/p>\n\n\n\n<p data-aos=\"fade-up\">\u2022 Daten des Kandidaten (z.B. Name, Geburtsdatum, Familienstand, private Kontaktdaten, Adresse, Gehalt, K\u00fcndigungsfrist), Positionsbezeichnung, Lebenslauf\/ Werdegang (CV), Daten aus sozialen Netzwerken oder \u00f6ffentlich zug\u00e4nglichen Quellen im Internet.<\/p>\n\n\n\n<p data-aos=\"fade-up\">Die Erhebung dieser Daten erfolgt:<\/p>\n\n\n\n<p data-aos=\"fade-up\">\u2022 zum Zwecke der Bewertung der Kandidaten und anschlie\u00dfender Vermittlung an Klienten der Signium International GmbH Angela Westdorf.<\/p>\n\n\n\n<p data-aos=\"fade-up\">Rechtsgrundlage f\u00fcr die Erhebung der entsprechenden Daten ist die Einwilligung der Kandidaten (Art. 6 Abs. 1 S. 1 lit. a DS-GVO). Diese wird mit \u00dcbersendung der oben genannten Daten per E-Mail erteilt. Die Angabe der Daten erfolgt freiwillig. Je mehr Informationen zur Verf\u00fcgung gestellt werden, desto besser ist eine Beurteilung \u00fcber die Eignung f\u00fcr Positionen von Klienten und die anschlie\u00dfende Vermittlung der Kandidaten m\u00f6glich. Zur Bewertung des beruflichen Profils des Kandidaten kann es erforderlich sein, dass Informationen \u00fcber den Kandidaten auch \u00fcber soziale Medien oder \u00fcber im Internet \u00f6ffentlich zug\u00e4ngliche Quellen erhoben werden, die f\u00fcr die Bewertung der Kandidaten weiterf\u00fchrend sind.<\/p>\n\n\n\n<p data-aos=\"fade-up\">Mit der \u00dcbermittlung Ihrer Kandidaten-Informationen und Ihrer damit verbundenen Einwilligung erkl\u00e4ren Sie sich einverstanden, dass wir Ihre Kandidaten-Informationen zeitlich unbegrenzt speichern. Diese unbegrenzte Speicherung erfolgt im Interesse der Kandidaten an einer langfristigen Zusammenarbeit, die auch \u00fcber die einmalige Vermittlung hinaus besteht. Sie k\u00f6nnen Ihre Einwilligung jederzeit unter den angegebenen Kontaktdaten widerrufen.<\/p>\n\n\n\n<h2 class=\"wp-block-heading\" data-aos=\"fade-up\">3. Weitergabe von Daten<\/h2>\n\n\n\n<p data-aos=\"fade-up\">Die Daten werden zun\u00e4chst nur innerhalb der Signium International GmbH Angela Westdorf verarbeitet. Es besteht zudem die M\u00f6glichkeit, dass die Daten auch an andere Signium GmbH\u00b4s innerhalb Deutschlands weitergegeben werden. Dies dient insbesondere dazu, die Chancen der Vermittlung der Kandidaten zu steigern. Eine \u00dcbermittlung von personenbezogenen Daten an Klienten findet nur statt, sofern ein Kandidat f\u00fcr eine Position bei einem Klienten geeignet ist bzw. in das Anforderungsprofil des Klienten passt.<\/p>\n\n\n\n<p data-aos=\"fade-up\">Die Klienten erhalten in diesem Fall einen vertraulichen Bericht \u00fcber den Kandidaten. In dem vertraulichen Bericht sind alle relevanten Informationen abgebildet, die der Klient \u00fcber den Kandidaten ben\u00f6tigt, um beurteilen zu k\u00f6nnen, ob dieser f\u00fcr eine Position geeignet ist. Eine Weitergabe der Daten an die Klienten ist f\u00fcr eine erfolgreiche Vermittlung zwingend erforderlich.<\/p>\n\n\n\n<p data-aos=\"fade-up\">Rechtsgrundlage f\u00fcr die Weitergabe ist die Einwilligung der Kandidaten (Art. 6 Abs. 1 S. 1 lit. a DS-GVO) sowie ggf. ein berechtigtes Interesse (Art. 6 Abs. 1 S. 1 lit. F DS-GVO).<\/p>\n\n\n\n<p>Es wird ausdr\u00fccklich darauf hingewiesen, dass es m\u00f6glich sein kann, dass Datenbankserver von Klienten, denen Informationen der Kandidaten \u00fcbersendet werden, sich in Drittstaaten au\u00dferhalb des Europ\u00e4ischen Wirtschaftsraums (EWR) befinden, in denen durch die EU-Kommission kein angemessenes Datenschutzniveau best\u00e4tigt wurde. Durch die Einwilligung in Form der \u00dcbermittlung der Daten erkl\u00e4rt sich der Kandidat ausdr\u00fccklich und eindeutig damit einverstanden, dass die entsprechenden Kandidaten-Informationen auch entsprechenden Empf\u00e4ngern offengelegt werden d\u00fcrfen.<br data-aos=\"fade-up\">Teilweise bedienen wir uns zur Verarbeitung Ihrer personenbezogenen Daten externer Research Dienstleister. Diese werden von uns sorgf\u00e4ltig ausgew\u00e4hlt und beauftragt. Sie sind an unsere Weisungen gebunden und werden regelm\u00e4\u00dfig kontrolliert. Die an unsere Dienstleister weitergegebenen Daten d\u00fcrfen von diesen lediglich zur Erf\u00fcllung ihrer Aufgaben verwendet werden. Ein Vertrag zur Auftragsdatenverarbeitung wurde abgeschlossen.<\/p>\n\n\n\n<p data-aos=\"fade-up\">Rechtsgrundlage hierf\u00fcr ist die Einwilligung der Kandidaten (Art. 6 Abs. 1 S. 1 lit. a) DS-GVO) und die Erf\u00fcllung von vertraglichen Verpflichtungen (Art. 6 Abs. 1 S. 1 lit. b) DS-GVO).<\/p>\n\n\n\n<h2 class=\"wp-block-heading\" data-aos=\"fade-up\">4. Betroffenenrechte<\/h2>\n\n\n\n<p data-aos=\"fade-up\">Sie haben das Recht auf:<\/p>\n\n\n\n<p>\u2022 Auskunft \u00fcber Ihre von uns verarbeiteten personenbezogenen Daten (Art. 15 DS-GVO);<br>\u2022 Berichtigung unrichtiger oder Vervollst\u00e4ndigung Ihrer bei uns gespeicherten personenbezogenen Daten (Art. 16 DS-GVO);<br>\u2022 L\u00f6schung von bei uns gespeicherten personenbezogenen Daten, soweit sie nicht (mehr) f\u00fcr die Verarbeitung erforderlich sind und keine Rechtsvorschriften entgegenstehen (Art. 17 DS-GVO);<br>\u2022 Einschr\u00e4nkung der Verarbeitung Ihrer personenbezogenen Daten (Art. 18 DS-GVO);<br>\u2022 Erhalt Ihrer bereitgestellten Daten oder \u00dcbermittlung an einen anderen Verantwortlichen (Art. 20 DS-GVO);<br>\u2022 Widerruf Ihrer Einwilligung (Art. 7 Abs. 3 DS-GVO) und<br data-aos=\"fade-up\">\u2022 Beschwerde bei der zust\u00e4ndigen Aufsichtsbeh\u00f6rde (Art. 77 DS-GVO).<\/p>\n\n\n\n<p data-aos=\"fade-up\">F\u00fcr entsprechende Antr\u00e4ge bzw. Mitteilungen stehen wir unter den angegebenen Kontaktdaten zur Verf\u00fcgung.<\/p>\n\n\n\n<p data-aos=\"fade-up\">Ausk\u00fcnfte werden grunds\u00e4tzlich in elektronischer Form (per E-Mail) \u00fcbermittelt. Sollten Sie diese M\u00f6glichkeit der Auskunftserteilung via E-Mail wahrnehmen, wird die angegebene E-Mailadresse (sowohl Absender wie auch Empf\u00e4nger) zu keinem anderen Zwecke als der Auskunftserteilung und ihrer Dokumentation verwendet.<\/p>\n\n\n\n<h2 class=\"wp-block-heading\" data-aos=\"fade-up\">5. Widerspruchsrecht<\/h2>\n\n\n\n<p data-aos=\"fade-up\">Sofern Ihre personenbezogenen Daten auf Grundlage von berechtigten Interessen gem\u00e4\u00df Art. 6 Abs. 1 S. 1 lit. f DS-GVO verarbeitet werden, haben Sie das Recht, gem\u00e4\u00df Art. 21 DS-GVO Widerspruch gegen die Verarbeitung Ihrer personenbezogenen Daten einzulegen, soweit daf\u00fcr Gr\u00fcnde vorliegen, die sich aus Ihrer besonderen Situation ergeben. Bei einer entsprechenden Aus\u00fcbung Ihres Widerspruchrechts bitten wir Sie um Darlegung der Gr\u00fcnde, warum wir Ihre personenbezogenen Daten nicht verarbeiten sollten. Sofern Ihr Widerspruch begr\u00fcndet ist, werden wir die Datenverarbeitung einstellen bzw. anpassen oder Ihnen zwingende schutzw\u00fcrdige Gr\u00fcnde mitteilen, aufgrund derer wir die Verarbeitung fortf\u00fchren.<\/p>\n\n\n\n<h2 class=\"wp-block-heading\" data-aos=\"fade-up\">6. L\u00f6schung<\/h2>\n\n\n\n<p data-aos=\"fade-up\">Ihre personenbezogenen Daten l\u00f6schen wir, sobald sie f\u00fcr die entsprechenden Zwecke nicht mehr erforderlich sind. Es kann dabei vorkommen, dass personenbezogene Daten f\u00fcr die Zeit aufbewahrt werden, in denen Anspr\u00fcche gegen uns geltenden gemacht werden k\u00f6nnen (z.B. gesetzliche Verj\u00e4hrungsfrist von drei oder drei\u00dfig Jahren). Des Weiteren sind wir aufgrund von Nachweis- und Aufbewahrungspflichten unter anderem aus dem Handelsgesetzbuch, der Abgabenordnung oder dem Geldw\u00e4schegesetz gesetzlich zur Speicherung von bestimmten Daten verpflichtet. Diese Speicherfristen betragen bis zu zehn Jahre. Sollten wir nicht zur Aufbewahrung der personenbezogenen Daten verpflichtet sein und die Daten zur Wahrung oder zur Abwehr von Anspr\u00fcchen nicht mehr erforderlich sein, so werden die Daten unverz\u00fcglich gel\u00f6scht, es sei denn Sie haben in eine dar\u00fcber hinausgehende Speicherung nach Art. 6 Abs. 1 S. 1 lit. a DSGVO eingewilligt.<\/p>\n\n\n\n<h2 class=\"wp-block-heading\" data-aos=\"fade-up\">7. Aktualit\u00e4t und \u00c4nderung dieser Datenschutzerkl\u00e4rung<\/h2>\n\n\n\n<p data-aos=\"fade-up\">Durch die Weiterentwicklung unseres Unternehmens oder ge\u00e4nderter gesetzlicher beziehungsweise beh\u00f6rdlicher Vorgaben kann es notwendig werden, diese Datenschutzhinweise zu \u00e4ndern.<\/p>\n","protected":false},"excerpt":{"rendered":"<p>Hinweise zum Datenschutz (Kandidaten) Wir sch\u00fctzen Ihre Privatsph\u00e4re und Ihre privaten Daten. Wir erheben, verarbeiten und nutzen Ihre personenbezogenen Daten in \u00dcbereinstimmung mit dem Inhalt dieser Datenschutzhinweise sowie den anwendbaren europ\u00e4ischen und deutschen Datenschutzbestimmungen. Durch \u00dcbermittlung Ihrer Kandidaten-Informationen per E-Mail stimmen Sie der zeitlich unbeschr\u00e4nkten Verarbeitung der entsprechenden Informationen ausdr\u00fccklich zu. Dies beinhaltet insbesondere die [&hellip;]<\/p>\n","protected":false},"author":6,"featured_media":1161,"parent":0,"menu_order":0,"comment_status":"closed","ping_status":"closed","template":"","meta":{"footnotes":""},"acf":[],"yoast_head":"<!-- This site is optimized with the Yoast SEO Premium plugin v20.5 (Yoast SEO v20.5) - https:\/\/yoast.com\/wordpress\/plugins\/seo\/ -->\n<title>Datenschutzerkl\u00e4rung AW &ndash; Signium<\/title>\n<meta name=\"description\" content=\"Informationen zum Datenschutz AW - Hinweise zum Datenschutz (Kandidaten). Wir sch\u00fctzen Ihre Privatsph\u00e4re und Ihre privaten Daten..\" \/>\n<meta name=\"robots\" content=\"index, follow, max-snippet:-1, max-image-preview:large, max-video-preview:-1\" \/>\n<link rel=\"canonical\" href=\"https:\/\/staging.signium.com\/de\/datenschutzerklaerung-aw\/\" \/>\n<meta property=\"og:locale\" content=\"de_DE\" \/>\n<meta property=\"og:type\" content=\"article\" \/>\n<meta property=\"og:title\" content=\"Datenschutzerkl\u00e4rung AW\" \/>\n<meta property=\"og:description\" content=\"Informationen zum Datenschutz AW - Hinweise zum Datenschutz (Kandidaten). Wir sch\u00fctzen Ihre Privatsph\u00e4re und Ihre privaten Daten..\" \/>\n<meta property=\"og:url\" content=\"https:\/\/staging.signium.com\/de\/datenschutzerklaerung-aw\/\" \/>\n<meta property=\"og:site_name\" content=\"Signium\" \/>\n<meta property=\"article:modified_time\" content=\"2020-06-08T09:51:34+00:00\" \/>\n<meta property=\"og:image\" content=\"http:\/\/staging.signium.com\/wp-content\/uploads\/2020\/03\/Consultant_opt-1.jpg\" \/>\n\t<meta property=\"og:image:width\" content=\"2560\" \/>\n\t<meta property=\"og:image:height\" content=\"1440\" \/>\n\t<meta property=\"og:image:type\" content=\"image\/jpeg\" \/>\n<meta name=\"twitter:card\" content=\"summary_large_image\" \/>\n<meta name=\"twitter:site\" content=\"@signiumspeaks\" \/>\n<meta name=\"twitter:label1\" content=\"Est. reading time\" \/>\n\t<meta name=\"twitter:data1\" content=\"6 minutes\" \/>\n<script type=\"application\/ld+json\" class=\"yoast-schema-graph\">{\"@context\":\"https:\/\/schema.org\",\"@graph\":[{\"@type\":\"WebPage\",\"@id\":\"https:\/\/staging.signium.com\/de\/datenschutzerklaerung-aw\/\",\"url\":\"https:\/\/staging.signium.com\/de\/datenschutzerklaerung-aw\/\",\"name\":\"Datenschutzerkl\u00e4rung AW &ndash; Signium\",\"isPartOf\":{\"@id\":\"https:\/\/staging.signium.com\/#website\"},\"datePublished\":\"2020-04-01T07:24:25+00:00\",\"dateModified\":\"2020-06-08T09:51:34+00:00\",\"description\":\"Informationen zum Datenschutz AW - Hinweise zum Datenschutz (Kandidaten). Wir sch\u00fctzen Ihre Privatsph\u00e4re und Ihre privaten Daten..\",\"breadcrumb\":{\"@id\":\"https:\/\/staging.signium.com\/de\/datenschutzerklaerung-aw\/#breadcrumb\"},\"inLanguage\":\"de-DE\",\"potentialAction\":[{\"@type\":\"ReadAction\",\"target\":[\"https:\/\/staging.signium.com\/de\/datenschutzerklaerung-aw\/\"]}]},{\"@type\":\"BreadcrumbList\",\"@id\":\"https:\/\/staging.signium.com\/de\/datenschutzerklaerung-aw\/#breadcrumb\",\"itemListElement\":[{\"@type\":\"ListItem\",\"position\":1,\"name\":\"Home\",\"item\":\"https:\/\/www.signium.com\/de\/\"},{\"@type\":\"ListItem\",\"position\":2,\"name\":\"Datenschutzerkl\u00e4rung AW\"}]},{\"@type\":\"WebSite\",\"@id\":\"https:\/\/staging.signium.com\/#website\",\"url\":\"https:\/\/staging.signium.com\/\",\"name\":\"Signium\",\"description\":\"Global Executive Search and Leadership Consulting\",\"publisher\":{\"@id\":\"https:\/\/staging.signium.com\/#organization\"},\"potentialAction\":[{\"@type\":\"SearchAction\",\"target\":{\"@type\":\"EntryPoint\",\"urlTemplate\":\"https:\/\/staging.signium.com\/?s={search_term_string}\"},\"query-input\":\"required name=search_term_string\"}],\"inLanguage\":\"de-DE\"},{\"@type\":\"Organization\",\"@id\":\"https:\/\/staging.signium.com\/#organization\",\"name\":\"Signium\",\"url\":\"https:\/\/staging.signium.com\/\",\"logo\":{\"@type\":\"ImageObject\",\"inLanguage\":\"de-DE\",\"@id\":\"https:\/\/staging.signium.com\/#\/schema\/logo\/image\/\",\"url\":\"https:\/\/www.signium.com\/wp-content\/uploads\/2020\/05\/logo-darkblue.png\",\"contentUrl\":\"https:\/\/www.signium.com\/wp-content\/uploads\/2020\/05\/logo-darkblue.png\",\"width\":300,\"height\":66,\"caption\":\"Signium\"},\"image\":{\"@id\":\"https:\/\/staging.signium.com\/#\/schema\/logo\/image\/\"},\"sameAs\":[\"https:\/\/twitter.com\/signiumspeaks\",\"https:\/\/www.linkedin.com\/company\/signium\",\"https:\/\/www.youtube.com\/channel\/UC1mryZmvR40LptxwpsxMaiw\"]}]}<\/script>\n<!-- \/ Yoast SEO Premium plugin. -->","yoast_head_json":{"title":"Datenschutzerkl\u00e4rung AW &ndash; Signium","description":"Informationen zum Datenschutz AW - Hinweise zum Datenschutz (Kandidaten). Wir sch\u00fctzen Ihre Privatsph\u00e4re und Ihre privaten Daten..","robots":{"index":"index","follow":"follow","max-snippet":"max-snippet:-1","max-image-preview":"max-image-preview:large","max-video-preview":"max-video-preview:-1"},"canonical":"https:\/\/staging.signium.com\/de\/datenschutzerklaerung-aw\/","og_locale":"de_DE","og_type":"article","og_title":"Datenschutzerkl\u00e4rung AW","og_description":"Informationen zum Datenschutz AW - Hinweise zum Datenschutz (Kandidaten). Wir sch\u00fctzen Ihre Privatsph\u00e4re und Ihre privaten Daten..","og_url":"https:\/\/staging.signium.com\/de\/datenschutzerklaerung-aw\/","og_site_name":"Signium","article_modified_time":"2020-06-08T09:51:34+00:00","og_image":[{"width":2560,"height":1440,"url":"http:\/\/staging.signium.com\/wp-content\/uploads\/2020\/03\/Consultant_opt-1.jpg","type":"image\/jpeg"}],"twitter_card":"summary_large_image","twitter_site":"@signiumspeaks","twitter_misc":{"Est. reading time":"6 minutes"},"schema":{"@context":"https:\/\/schema.org","@graph":[{"@type":"WebPage","@id":"https:\/\/staging.signium.com\/de\/datenschutzerklaerung-aw\/","url":"https:\/\/staging.signium.com\/de\/datenschutzerklaerung-aw\/","name":"Datenschutzerkl\u00e4rung AW &ndash; Signium","isPartOf":{"@id":"https:\/\/staging.signium.com\/#website"},"datePublished":"2020-04-01T07:24:25+00:00","dateModified":"2020-06-08T09:51:34+00:00","description":"Informationen zum Datenschutz AW - Hinweise zum Datenschutz (Kandidaten). Wir sch\u00fctzen Ihre Privatsph\u00e4re und Ihre privaten Daten..","breadcrumb":{"@id":"https:\/\/staging.signium.com\/de\/datenschutzerklaerung-aw\/#breadcrumb"},"inLanguage":"de-DE","potentialAction":[{"@type":"ReadAction","target":["https:\/\/staging.signium.com\/de\/datenschutzerklaerung-aw\/"]}]},{"@type":"BreadcrumbList","@id":"https:\/\/staging.signium.com\/de\/datenschutzerklaerung-aw\/#breadcrumb","itemListElement":[{"@type":"ListItem","position":1,"name":"Home","item":"https:\/\/www.signium.com\/de\/"},{"@type":"ListItem","position":2,"name":"Datenschutzerkl\u00e4rung AW"}]},{"@type":"WebSite","@id":"https:\/\/staging.signium.com\/#website","url":"https:\/\/staging.signium.com\/","name":"Signium","description":"Global Executive Search and Leadership Consulting","publisher":{"@id":"https:\/\/staging.signium.com\/#organization"},"potentialAction":[{"@type":"SearchAction","target":{"@type":"EntryPoint","urlTemplate":"https:\/\/staging.signium.com\/?s={search_term_string}"},"query-input":"required name=search_term_string"}],"inLanguage":"de-DE"},{"@type":"Organization","@id":"https:\/\/staging.signium.com\/#organization","name":"Signium","url":"https:\/\/staging.signium.com\/","logo":{"@type":"ImageObject","inLanguage":"de-DE","@id":"https:\/\/staging.signium.com\/#\/schema\/logo\/image\/","url":"https:\/\/www.signium.com\/wp-content\/uploads\/2020\/05\/logo-darkblue.png","contentUrl":"https:\/\/www.signium.com\/wp-content\/uploads\/2020\/05\/logo-darkblue.png","width":300,"height":66,"caption":"Signium"},"image":{"@id":"https:\/\/staging.signium.com\/#\/schema\/logo\/image\/"},"sameAs":["https:\/\/twitter.com\/signiumspeaks","https:\/\/www.linkedin.com\/company\/signium","https:\/\/www.youtube.com\/channel\/UC1mryZmvR40LptxwpsxMaiw"]}]}},"_links":{"self":[{"href":"https:\/\/www.signium.com\/de\/wp-json\/wp\/v2\/pages\/2564"}],"collection":[{"href":"https:\/\/www.signium.com\/de\/wp-json\/wp\/v2\/pages"}],"about":[{"href":"https:\/\/www.signium.com\/de\/wp-json\/wp\/v2\/types\/page"}],"author":[{"embeddable":true,"href":"https:\/\/www.signium.com\/de\/wp-json\/wp\/v2\/users\/6"}],"replies":[{"embeddable":true,"href":"https:\/\/www.signium.com\/de\/wp-json\/wp\/v2\/comments?post=2564"}],"version-history":[{"count":1,"href":"https:\/\/www.signium.com\/de\/wp-json\/wp\/v2\/pages\/2564\/revisions"}],"predecessor-version":[{"id":2565,"href":"https:\/\/www.signium.com\/de\/wp-json\/wp\/v2\/pages\/2564\/revisions\/2565"}],"wp:featuredmedia":[{"embeddable":true,"href":"https:\/\/www.signium.com\/de\/wp-json\/wp\/v2\/media\/1161"}],"wp:attachment":[{"href":"https:\/\/www.signium.com\/de\/wp-json\/wp\/v2\/media?parent=2564"}],"curies":[{"name":"wp","href":"https:\/\/api.w.org\/{rel}","templated":true}]}}